{"id":4711,"date":"2013-05-19T17:30:35","date_gmt":"2013-05-19T15:30:35","guid":{"rendered":"http:\/\/el-mariachi-de-barcelona.com\/?page_id=4711"},"modified":"2013-05-19T17:34:45","modified_gmt":"2013-05-19T15:34:45","slug":"musics-integrants-del-mariachi-semblanza","status":"publish","type":"page","link":"https:\/\/www.mariachi-semblanza.com\/ca\/musics-integrants-del-mariachi-semblanza\/","title":{"rendered":"M\u00fasics integrants del Mariachi Semblanza"},"content":{"rendered":"<blockquote class=\"quote-center\"><p>\nEl Mariachi Semblanza \u00e9s un grup de m\u00fasics especialitzats en folklore mexic\u00e0 compost per 8 integrants. Amb la idea que puguis con\u00e8ixer-nos una miqueta abans de comptar amb nosaltres en el teu esdeveniment volem presentar breument.<\/p>\n<p>Tots plegats hem actuat en diferents regions d&#8217;Espanya. La nostra pla\u00e7a m\u00e9s habitual \u00e9s Barcelona i el Aera metropolitana, zones que ampliem eventualment per totes les prov\u00edncies de Catalunya i d&#8217;altres comunitats aut\u00f2nomes cada vegada que ho requereix l&#8217;actuaci\u00f3.<\/p>\n<p>Tamb\u00e9 hem recorregut el m\u00f3n amb les nostres actuacions i els nostres instruments t\u00edpics de la can\u00e7\u00f3 mexicana. Junts hem viatjat a pa\u00efsos tan ex\u00f2tics com Ucra\u00efna, Turquia, It\u00e0lia, Litu\u00e0nia, Finl\u00e0ndia, Irlanda, Fran\u00e7a i fins i tot a pa\u00efsos \u00e0rabs com ara Dubai.<\/p>\n<p>Estem orgullosos de poder apropar la cultura mexicana mitjan\u00e7ant la nostra m\u00fasica i les nostres actuacions a qualsevol lloc on se&#8217;ns reclami, sense importar la quantitat de quil\u00f2metres de dist\u00e0ncia ni l&#8217;idioma oficial del pa\u00eds de destinaci\u00f3. El nostre idioma \u00e9s la m\u00fasica, i el Mariachi Semblanza se sent orgullosament mexic\u00e0.<\/p>\n<\/blockquote>\n<p>Et presento els m\u00fasics integrants del Mariachi Semblanza a continuaci\u00f3:<\/p>\n<ul class='acordeon'>\n<li class='gdl-divider'>\n<h2 class='accordion-head title-color gdl-title'><span class='accordion-head-image'><\/span>Arturo Gonz\u00e1lez Santill\u00e1n<\/h2>\n<div class='accordion-content'>\n<h3>Instrument principal el Guitarr\u00f3n:<\/h3>\n<p><a href=\"http:\/\/el-mariachi-de-barcelona.com\/musicos-integrantes-del-mariachi-semblanza\/arturo-gonzalez-santillan2\/\" rel=\"nofollow\" ><img loading=\"lazy\" decoding=\"async\" class=\"alignnone size-full wp-image-3700\" alt=\"Arturo Gonzalez Santillan\" src=\"http:\/\/el-mariachi-de-barcelona.com\/wp-content\/uploads\/2013\/05\/Arturo-Gonzalez-Santillan2.jpg\" width=\"500\" height=\"332\" srcset=\"https:\/\/www.mariachi-semblanza.com\/wp-content\/uploads\/2013\/05\/Arturo-Gonzalez-Santillan2.jpg 500w, https:\/\/www.mariachi-semblanza.com\/wp-content\/uploads\/2013\/05\/Arturo-Gonzalez-Santillan2-313x207.jpg 313w, https:\/\/www.mariachi-semblanza.com\/wp-content\/uploads\/2013\/05\/Arturo-Gonzalez-Santillan2-460x305.jpg 460w, https:\/\/www.mariachi-semblanza.com\/wp-content\/uploads\/2013\/05\/Arturo-Gonzalez-Santillan2-376x250.jpg 376w, https:\/\/www.mariachi-semblanza.com\/wp-content\/uploads\/2013\/05\/Arturo-Gonzalez-Santillan2-300x200.jpg 300w\" sizes=\"auto, (max-width: 500px) 100vw, 500px\" \/><\/a><\/p>\n<p>Nascut en el Districte Federal, prov\u00e9 de fam\u00edlia que per generacions s&#8217;ha dedicat al mariachi. Arturo ha estat en alguns dels grans mariachis de M\u00e8xic com el &#8220;dalt Ju\u00e1rez&#8221;, el &#8220;Perla d&#8217;Occident&#8221; o el &#8220;Mariachi Tlaquepaque&#8221; amb qui ha tocat en els teatres m\u00e9s importants de M\u00e8xic i acompanyat a grans i famosos artistes de l&#8217;tradici\u00f3 mexicana. Ha recorregut tota la rep\u00fablica Mexicana, Vene\u00e7uela i gran part dels Estats Units, on tamb\u00e9 va viure i va treballar amb grups de Mariachi. Ha participat en m\u00faltiples enregistraments a Espanya i M\u00e8xic i fa ja alguns anys que funciona com a motor i \u00e0nima del grup.\n<\/p><\/div>\n<\/li>\n<li class='gdl-divider'>\n<h2 class='accordion-head title-color gdl-title'><span class='accordion-head-image'><\/span>Simao Hern\u00e1ndez Carrillo<\/h2>\n<div class='accordion-content'>\n<h3>Instrument principal la Vihuela:<\/h3>\n<p><a href=\"http:\/\/el-mariachi-de-barcelona.com\/musicos-integrantes-del-mariachi-semblanza\/simao-hernandez-carrillo1\/\" rel=\"nofollow\" ><img loading=\"lazy\" decoding=\"async\" class=\"alignnone size-full wp-image-3707\" alt=\"Simao Hernandez Carrillo\" src=\"http:\/\/el-mariachi-de-barcelona.com\/wp-content\/uploads\/2013\/05\/Simao-Hernandez-Carrillo1.jpg\" width=\"500\" height=\"753\" srcset=\"https:\/\/www.mariachi-semblanza.com\/wp-content\/uploads\/2013\/05\/Simao-Hernandez-Carrillo1.jpg 500w, https:\/\/www.mariachi-semblanza.com\/wp-content\/uploads\/2013\/05\/Simao-Hernandez-Carrillo1-333x502.jpg 333w, https:\/\/www.mariachi-semblanza.com\/wp-content\/uploads\/2013\/05\/Simao-Hernandez-Carrillo1-313x471.jpg 313w, https:\/\/www.mariachi-semblanza.com\/wp-content\/uploads\/2013\/05\/Simao-Hernandez-Carrillo1-460x692.jpg 460w, https:\/\/www.mariachi-semblanza.com\/wp-content\/uploads\/2013\/05\/Simao-Hernandez-Carrillo1-166x250.jpg 166w\" sizes=\"auto, (max-width: 500px) 100vw, 500px\" \/><\/a><\/p>\n<p>Nascut en el Districte Federal, \u00e9s el membre m\u00e9s antic i actual director del mariachi. Va comen\u00e7ar els seus estudis de m\u00fasica mexicana amb el mestre Enrique Barona a L&#8217;Escola Nacional d&#8217;Antropologia i Hist\u00f2ria i va rec\u00f3rrer alguns dels festivals de m\u00fasica tradicional m\u00e9s importants de M\u00e8xic. Va tocar en els grups de m\u00fasica tradicional &#8220;S\u00f3n del Pulque&#8221;, &#8220;S\u00f3n d&#8217;all\u00e0&#8221; i Ch\u00e9jere fins que va migrar a Barcelona. All\u00ed va prendre classes de m\u00fasica tradicional mexicana i Llatinoamericana amb el Mestre H\u00e9ctor S\u00e1nchez Campero i es va integrar al Mariachi Semblanza amb qui participa com a membre actiu des de l&#8217;any 2003.\n<\/p><\/div>\n<\/li>\n<li class='gdl-divider'>\n<h2 class='accordion-head title-color gdl-title'><span class='accordion-head-image'><\/span>Felipe Ponce Damaso<\/h2>\n<div class='accordion-content'>\n<h3>Instrument principal la Guitarra Espanyola:<\/h3>\n<p><a href=\"http:\/\/el-mariachi-de-barcelona.com\/musicos-integrantes-del-mariachi-semblanza\/felipe-ponce-damaso1\/\" rel=\"nofollow\" ><img loading=\"lazy\" decoding=\"async\" class=\"alignnone size-full wp-image-3702\" alt=\"Felipe Ponce Damaso\" src=\"http:\/\/el-mariachi-de-barcelona.com\/wp-content\/uploads\/2013\/05\/Felipe-Ponce-Damaso1.jpg\" width=\"500\" height=\"753\" srcset=\"https:\/\/www.mariachi-semblanza.com\/wp-content\/uploads\/2013\/05\/Felipe-Ponce-Damaso1.jpg 500w, https:\/\/www.mariachi-semblanza.com\/wp-content\/uploads\/2013\/05\/Felipe-Ponce-Damaso1-333x502.jpg 333w, https:\/\/www.mariachi-semblanza.com\/wp-content\/uploads\/2013\/05\/Felipe-Ponce-Damaso1-313x471.jpg 313w, https:\/\/www.mariachi-semblanza.com\/wp-content\/uploads\/2013\/05\/Felipe-Ponce-Damaso1-460x692.jpg 460w, https:\/\/www.mariachi-semblanza.com\/wp-content\/uploads\/2013\/05\/Felipe-Ponce-Damaso1-166x250.jpg 166w\" sizes=\"auto, (max-width: 500px) 100vw, 500px\" \/><\/a><\/p>\n<p>Felip Va n\u00e9ixer a Zimap\u00e1n, Hidalgo i es va iniciar en la m\u00fasica i com a cantant al seu poble. Migrar a la Ciutat de M\u00e8xic per realitzar els seus estudis universitaris i es va integrar al grup &#8220;Els Carrillo&#8221; com requintista. Posteriorment es va integrar al grup &#8220;Els de M\u00e8xic&#8221; amb qui va participar en diversos programes de televisi\u00f3 i telenovel \u00b7 les. L&#8217;any 2002 es va establir a Barcelona, va participar al mariachi &#8220;Llums de M\u00e8xic&#8221; un temps i, amb els anys, es va integrar com a cantant principal en el nostre Mariachi.\n<\/p><\/div>\n<\/li>\n<li class='gdl-divider'>\n<h2 class='accordion-head title-color gdl-title'><span class='accordion-head-image'><\/span>Juan Manuel Pinz\u00f3n Villamizar<\/h2>\n<div class='accordion-content'>\n<h3>Instrument principal la Trompeta:<\/h3>\n<p><a href=\"http:\/\/el-mariachi-de-barcelona.com\/musicos-integrantes-del-mariachi-semblanza\/juan-manuel-pinzon-villamizar1\/\" rel=\"nofollow\" ><img loading=\"lazy\" decoding=\"async\" class=\"alignnone size-full wp-image-3705\" alt=\"Juan Manuel Pinzon Villamizar\" src=\"http:\/\/el-mariachi-de-barcelona.com\/wp-content\/uploads\/2013\/05\/Juan-Manuel-Pinzon-Villamizar1.jpg\" width=\"500\" height=\"753\" srcset=\"https:\/\/www.mariachi-semblanza.com\/wp-content\/uploads\/2013\/05\/Juan-Manuel-Pinzon-Villamizar1.jpg 500w, https:\/\/www.mariachi-semblanza.com\/wp-content\/uploads\/2013\/05\/Juan-Manuel-Pinzon-Villamizar1-333x502.jpg 333w, https:\/\/www.mariachi-semblanza.com\/wp-content\/uploads\/2013\/05\/Juan-Manuel-Pinzon-Villamizar1-313x471.jpg 313w, https:\/\/www.mariachi-semblanza.com\/wp-content\/uploads\/2013\/05\/Juan-Manuel-Pinzon-Villamizar1-460x692.jpg 460w, https:\/\/www.mariachi-semblanza.com\/wp-content\/uploads\/2013\/05\/Juan-Manuel-Pinzon-Villamizar1-166x250.jpg 166w\" sizes=\"auto, (max-width: 500px) 100vw, 500px\" \/><\/a><\/p>\n<p>De fam\u00edlia de m\u00fasics de Mariachi comen\u00e7ar prenent classes particulars de m\u00fasica a Bucaramanga, Col\u00f2mbia i va continuar els seus estudis a la universitat de Santander, Col\u00f2mbia. Va tocar en el Mariachi &#8220;Jalisco&#8221; (Bucaramanga &#8211; Col\u00f2mbia) i en el Mariachi &#8220;Guadalajara&#8221;. Despr\u00e9s es va traslladar a Madrid on va tocar amb el Mariachi &#8220;M\u00e8xic Lindo&#8221;. \u00c9s membre actiu del Mariachi Semblanza des de l&#8217;any 2006, quan es va mudar definitivament a Catalunya.\n<\/p><\/div>\n<\/li>\n<li class='gdl-divider'>\n<h2 class='accordion-head title-color gdl-title'><span class='accordion-head-image'><\/span>Nestor Garc\u00eda Pantoja<\/h2>\n<div class='accordion-content'>\n<h3>Instrument principal el Violi:<\/h3>\n<p><a href=\"http:\/\/el-mariachi-de-barcelona.com\/musicos-integrantes-del-mariachi-semblanza\/nestor-garcia-pantoja1\/\" rel=\"nofollow\" ><img loading=\"lazy\" decoding=\"async\" class=\"alignnone size-full wp-image-3706\" alt=\"Nestor Garcia Pantoja\" src=\"http:\/\/el-mariachi-de-barcelona.com\/wp-content\/uploads\/2013\/05\/Nestor-Garcia-Pantoja1.jpg\" width=\"500\" height=\"753\" srcset=\"https:\/\/www.mariachi-semblanza.com\/wp-content\/uploads\/2013\/05\/Nestor-Garcia-Pantoja1.jpg 500w, https:\/\/www.mariachi-semblanza.com\/wp-content\/uploads\/2013\/05\/Nestor-Garcia-Pantoja1-333x502.jpg 333w, https:\/\/www.mariachi-semblanza.com\/wp-content\/uploads\/2013\/05\/Nestor-Garcia-Pantoja1-313x471.jpg 313w, https:\/\/www.mariachi-semblanza.com\/wp-content\/uploads\/2013\/05\/Nestor-Garcia-Pantoja1-460x692.jpg 460w, https:\/\/www.mariachi-semblanza.com\/wp-content\/uploads\/2013\/05\/Nestor-Garcia-Pantoja1-166x250.jpg 166w\" sizes=\"auto, (max-width: 500px) 100vw, 500px\" \/><\/a><\/p>\n<p>Nascut a Guadalajara, prov\u00e9 de fam\u00edlia en qu\u00e8 per generacions ha hagut m\u00fasics de Mariachi i va comen\u00e7ar els seus estudis de viol\u00ed als 14 anys i als 17 va comen\u00e7ar a Tocar al mariachi &#8220;Els Toritos&#8221; que \u00e9s un dels millors mariachis de Guadalajara. Va seguir amb els seus estudis de cant i va ingressar al conservatori de m\u00fasica sagrada de Jalisco. Alguns anys despr\u00e9s va venir a Catalunya a on ha participat en els millors mariachis de Catalunya. N\u00e9stor \u00e9s l&#8217;integrant m\u00e9s jove amb nom\u00e9s 21 anys.\n<\/p><\/div>\n<\/li>\n<li class='gdl-divider'>\n<h2 class='accordion-head title-color gdl-title'><span class='accordion-head-image'><\/span>Gerardo Pinz\u00f3n Villamizar<\/h2>\n<div class='accordion-content'>\n<h3>Instrument principal la Trompeta<\/h3>\n<p><a href=\"http:\/\/el-mariachi-de-barcelona.com\/musicos-integrantes-del-mariachi-semblanza\/gerardo-antonio-pinzon-villamizar1-500x754\/\" rel=\"nofollow\" ><img loading=\"lazy\" decoding=\"async\" class=\"alignnone size-full wp-image-3704\" alt=\"Gerardo Antonio Pinzon Villamizar\" src=\"http:\/\/el-mariachi-de-barcelona.com\/wp-content\/uploads\/2013\/05\/Gerardo-Antonio-Pinzon-Villamizar1-500x754.jpg\" width=\"500\" height=\"754\" srcset=\"https:\/\/www.mariachi-semblanza.com\/wp-content\/uploads\/2013\/05\/Gerardo-Antonio-Pinzon-Villamizar1-500x754.jpg 500w, https:\/\/www.mariachi-semblanza.com\/wp-content\/uploads\/2013\/05\/Gerardo-Antonio-Pinzon-Villamizar1-500x754-332x502.jpg 332w, https:\/\/www.mariachi-semblanza.com\/wp-content\/uploads\/2013\/05\/Gerardo-Antonio-Pinzon-Villamizar1-500x754-313x472.jpg 313w, https:\/\/www.mariachi-semblanza.com\/wp-content\/uploads\/2013\/05\/Gerardo-Antonio-Pinzon-Villamizar1-500x754-460x693.jpg 460w, https:\/\/www.mariachi-semblanza.com\/wp-content\/uploads\/2013\/05\/Gerardo-Antonio-Pinzon-Villamizar1-500x754-165x250.jpg 165w\" sizes=\"auto, (max-width: 500px) 100vw, 500px\" \/><\/a><\/p>\n<p>Als divuit anys va comen\u00e7ar a tocar al Mariachi &#8220;Els Missatgers de M\u00e8xic&#8221; de Bucaramanga, Col\u00f2mbia i despr\u00e9s d&#8217;uns anys va continuar amb la seva traject\u00f2ria en el Mariachi &#8220;Fantasia Mexicana&#8221; on va estar fins a l&#8217;any 2002. Despr\u00e9s va viatjar i Espanya i va treballar amb diversos grups a Madrid i es va integrar de manera activa al mariachi Mexicolombia on va treballar per un lapse de 5 anys. Juntament amb la seva fam\u00edlia van viatjar a Catalunya i des de llavors participa regularment amb la nostra agrupaci\u00f3.\n<\/p><\/div>\n<\/li>\n<li class='gdl-divider'>\n<h2 class='accordion-head title-color gdl-title'><span class='accordion-head-image'><\/span>Francisco Garc\u00eda Parra<\/h2>\n<div class='accordion-content'>\n<h3>Instrument principal el Violi:<\/h3>\n<p><a href=\"http:\/\/el-mariachi-de-barcelona.com\/musicos-integrantes-del-mariachi-semblanza\/francisco-garcia-parra1\/\" rel=\"nofollow\" ><img loading=\"lazy\" decoding=\"async\" class=\"alignnone size-full wp-image-3703\" alt=\"Francisco Garcia Parra\" src=\"http:\/\/el-mariachi-de-barcelona.com\/wp-content\/uploads\/2013\/05\/Francisco-Garcia-Parra1.jpg\" width=\"500\" height=\"332\" srcset=\"https:\/\/www.mariachi-semblanza.com\/wp-content\/uploads\/2013\/05\/Francisco-Garcia-Parra1.jpg 500w, https:\/\/www.mariachi-semblanza.com\/wp-content\/uploads\/2013\/05\/Francisco-Garcia-Parra1-313x207.jpg 313w, https:\/\/www.mariachi-semblanza.com\/wp-content\/uploads\/2013\/05\/Francisco-Garcia-Parra1-460x305.jpg 460w, https:\/\/www.mariachi-semblanza.com\/wp-content\/uploads\/2013\/05\/Francisco-Garcia-Parra1-376x250.jpg 376w, https:\/\/www.mariachi-semblanza.com\/wp-content\/uploads\/2013\/05\/Francisco-Garcia-Parra1-300x200.jpg 300w\" sizes=\"auto, (max-width: 500px) 100vw, 500px\" \/><\/a><\/p>\n<p>Pancho \u00e9s de Zamora, Michoac\u00e1n i va comen\u00e7ar a estudiar m\u00fasica als 12 anys al Mariachi &#8220;Sant Joan&#8221;, amb els seus cosins, i va continuar les seves classes de Viol\u00ed amb mestres particulars de la tradici\u00f3 de Mariachi. Ha participat en 4 festivals del mariachi i la charrer\u00eda a la ciutat de Guadalajara amb el Mariachi &#8220;Nou Ordaz&#8221;, amb qui tamb\u00e9 s&#8217;ha presentat en nombrosos teatres al costat dels mariachis m\u00e9s importants de M\u00e8xic. Va viatjar a Barcelona per estudiar viol\u00ed a l&#8217;Aula de M\u00fasics del Liceu i ha treballat en el nostre projecte de manera activa des de llavors aportant la seva joventut i direcci\u00f3 en els arranjaments musicals.\n<\/p><\/div>\n<\/li>\n<li class='gdl-divider'>\n<h2 class='accordion-head title-color gdl-title'><span class='accordion-head-image'><\/span>Cesar Leonardo Camacho<\/h2>\n<div class='accordion-content'>\n<h3>Instrument principal el Violi:<\/h3>\n<p><a href=\"http:\/\/el-mariachi-de-barcelona.com\/musicos-integrantes-del-mariachi-semblanza\/cesar-leonardo-camacho1\/\" rel=\"nofollow\" ><img loading=\"lazy\" decoding=\"async\" class=\"alignnone size-full wp-image-3701\" alt=\"Cesar Leonardo Camacho\" src=\"http:\/\/el-mariachi-de-barcelona.com\/wp-content\/uploads\/2013\/05\/Cesar-Leonardo-Camacho1.jpg\" width=\"500\" height=\"755\" srcset=\"https:\/\/www.mariachi-semblanza.com\/wp-content\/uploads\/2013\/05\/Cesar-Leonardo-Camacho1.jpg 500w, https:\/\/www.mariachi-semblanza.com\/wp-content\/uploads\/2013\/05\/Cesar-Leonardo-Camacho1-332x502.jpg 332w, https:\/\/www.mariachi-semblanza.com\/wp-content\/uploads\/2013\/05\/Cesar-Leonardo-Camacho1-313x472.jpg 313w, https:\/\/www.mariachi-semblanza.com\/wp-content\/uploads\/2013\/05\/Cesar-Leonardo-Camacho1-460x694.jpg 460w, https:\/\/www.mariachi-semblanza.com\/wp-content\/uploads\/2013\/05\/Cesar-Leonardo-Camacho1-165x250.jpg 165w\" sizes=\"auto, (max-width: 500px) 100vw, 500px\" \/><\/a><\/p>\n<p>Nascut a la ciutat d&#8217;Ibagu\u00e9, Col\u00f2mbia, va iniciar els seus estudis de viol\u00ed als 8 anys al conservatori de Tolima. Als 14 ingressa al mariachi &#8220;Guadalajara&#8221; i uns anys despr\u00e9s al Mariachi &#8220;El meu Ciutat&#8221;. Es va traslladar a Bogot\u00e0 i va formar part de l&#8217;orquestra filharm\u00f2nica de Cundinamarca i de l&#8217;orquestra de la universitat Javeriana on va realitzar els seus estudis de grau superior. Va participar en enregistraments per al cantant colombi\u00e0 Gabriel Arriaga i posteriorment va treballar amb el Mariachi &#8220;Rei de M\u00e8xic&#8221; amb qui va realitzar enregistraments, concerts i gires. Va col \u00b7 laborar amb el mariachi &#8220;Veus d&#8217;Am\u00e8rica&#8221; \u200b\u200bi el mariachi &#8220;Cl\u00e0ssic contemporani&#8221; de la ciutat de Bogot\u00e0. Va viatjar a Espanya i col \u00b7 laborar en el projecte &#8220;Serrat simf\u00f2nic&#8221;.\n<\/p><\/div>\n<\/li>\n<\/ul>\n<p>&nbsp;<\/p>\n","protected":false},"excerpt":{"rendered":"<p itemprop=\"description\">Et presento els m\u00fasics integrants del Mariachi Semblanza a continuaci\u00f3: &nbsp;<\/p>\n","protected":false},"author":1,"featured_media":3878,"parent":0,"menu_order":7,"comment_status":"open","ping_status":"open","template":"","meta":{"footnotes":""},"categories":[],"tags":[],"class_list":["post-4711","page","type-page","status-publish","has-post-thumbnail","hentry"],"_links":{"self":[{"href":"https:\/\/www.mariachi-semblanza.com\/ca\/wp-json\/wp\/v2\/pages\/4711","targetHints":{"allow":["GET"]}}],"collection":[{"href":"https:\/\/www.mariachi-semblanza.com\/ca\/wp-json\/wp\/v2\/pages"}],"about":[{"href":"https:\/\/www.mariachi-semblanza.com\/ca\/wp-json\/wp\/v2\/types\/page"}],"author":[{"embeddable":true,"href":"https:\/\/www.mariachi-semblanza.com\/ca\/wp-json\/wp\/v2\/users\/1"}],"replies":[{"embeddable":true,"href":"https:\/\/www.mariachi-semblanza.com\/ca\/wp-json\/wp\/v2\/comments?post=4711"}],"version-history":[{"count":0,"href":"https:\/\/www.mariachi-semblanza.com\/ca\/wp-json\/wp\/v2\/pages\/4711\/revisions"}],"wp:featuredmedia":[{"embeddable":true,"href":"https:\/\/www.mariachi-semblanza.com\/ca\/wp-json\/wp\/v2\/media\/3878"}],"wp:attachment":[{"href":"https:\/\/www.mariachi-semblanza.com\/ca\/wp-json\/wp\/v2\/media?parent=4711"}],"wp:term":[{"taxonomy":"category","embeddable":true,"href":"https:\/\/www.mariachi-semblanza.com\/ca\/wp-json\/wp\/v2\/categories?post=4711"},{"taxonomy":"post_tag","embeddable":true,"href":"https:\/\/www.mariachi-semblanza.com\/ca\/wp-json\/wp\/v2\/tags?post=4711"}],"curies":[{"name":"wp","href":"https:\/\/api.w.org\/{rel}","templated":true}]}}